{"id":1525,"date":"2018-08-20T16:19:15","date_gmt":"2018-08-20T15:19:15","guid":{"rendered":"http:\/\/bildateljen.se\/?page_id=1525"},"modified":"2026-01-22T14:48:43","modified_gmt":"2026-01-22T13:48:43","slug":"studentfotografering","status":"publish","type":"page","link":"https:\/\/bildateljen.se\/?page_id=1525","title":{"rendered":"Studentfotografering !"},"content":{"rendered":"\n<figure class=\"wp-block-image\"><img loading=\"lazy\" decoding=\"async\" width=\"1024\" height=\"288\" data-attachment-id=\"1621\" data-permalink=\"https:\/\/bildateljen.se\/?attachment_id=1621\" data-orig-file=\"https:\/\/bildateljen.se\/wp-content\/uploads\/Banner7.png\" data-orig-size=\"1200,337\" data-comments-opened=\"1\" data-image-meta=\"{&quot;aperture&quot;:&quot;0&quot;,&quot;credit&quot;:&quot;&quot;,&quot;camera&quot;:&quot;&quot;,&quot;caption&quot;:&quot;&quot;,&quot;created_timestamp&quot;:&quot;0&quot;,&quot;copyright&quot;:&quot;&quot;,&quot;focal_length&quot;:&quot;0&quot;,&quot;iso&quot;:&quot;0&quot;,&quot;shutter_speed&quot;:&quot;0&quot;,&quot;title&quot;:&quot;&quot;,&quot;orientation&quot;:&quot;0&quot;}\" data-image-title=\"Banner7\" data-image-description=\"\" data-image-caption=\"\" data-large-file=\"https:\/\/bildateljen.se\/wp-content\/uploads\/Banner7-1024x288.png\" src=\"https:\/\/bildateljen.se\/wp-content\/uploads\/Banner7-1024x288.png\" alt=\"\" class=\"wp-image-1621\" srcset=\"https:\/\/bildateljen.se\/wp-content\/uploads\/Banner7-1024x288.png 1024w, https:\/\/bildateljen.se\/wp-content\/uploads\/Banner7-300x84.png 300w, https:\/\/bildateljen.se\/wp-content\/uploads\/Banner7-768x216.png 768w, https:\/\/bildateljen.se\/wp-content\/uploads\/Banner7-50x14.png 50w, https:\/\/bildateljen.se\/wp-content\/uploads\/Banner7.png 1200w\" sizes=\"auto, (max-width: 1024px) 100vw, 1024px\" \/><\/figure>\n\n\n<div class=\"wp-block-image wp-image-2186\">\n<figure class=\"aligncenter\"><img loading=\"lazy\" decoding=\"async\" width=\"146\" height=\"41\" data-attachment-id=\"2186\" data-permalink=\"https:\/\/bildateljen.se\/?attachment_id=2186\" data-orig-file=\"https:\/\/bildateljen.se\/wp-content\/uploads\/Boka.png\" data-orig-size=\"146,41\" data-comments-opened=\"0\" data-image-meta=\"{&quot;aperture&quot;:&quot;0&quot;,&quot;credit&quot;:&quot;&quot;,&quot;camera&quot;:&quot;&quot;,&quot;caption&quot;:&quot;&quot;,&quot;created_timestamp&quot;:&quot;0&quot;,&quot;copyright&quot;:&quot;&quot;,&quot;focal_length&quot;:&quot;0&quot;,&quot;iso&quot;:&quot;0&quot;,&quot;shutter_speed&quot;:&quot;0&quot;,&quot;title&quot;:&quot;&quot;,&quot;orientation&quot;:&quot;0&quot;}\" data-image-title=\"Boka\" data-image-description=\"&lt;p&gt;Boka Gustavsbergs Bildatelj\u00e9&lt;\/p&gt;\n\" data-image-caption=\"&lt;p&gt;G\u00f6r din bokning !&lt;\/p&gt;\n\" data-large-file=\"https:\/\/bildateljen.se\/wp-content\/uploads\/Boka.png\" src=\"https:\/\/bildateljen.se\/wp-content\/uploads\/Boka.png\" alt=\"\" class=\"wp-image-2186\"\/><figcaption class=\"wp-element-caption\">G\u00f6r din bokning !<\/figcaption><\/figure>\n<\/div>\n\n\n<p><strong>Studentfoto med kompisarna 3-5 st. <\/strong>Fotografering i atelj\u00e9n eller utanf\u00f6r. Gruppbild med de n\u00e4rmaste kompisarna, inkl 1 st 13&#215;18 bild\/student. Fotograferingsl\u00e4ngd ca 20 min. Pris 449kr\/person. &nbsp;<strong><br><\/strong><\/p>\n\n\n\n<p><strong>Liten: ca 10 min. <\/strong>Kort fotografering i atelj\u00e9n, inkl 10 st tackkort. V\u00e4ljer bilder i webgalleri. Pris 750 kr.<\/p>\n\n\n\n<p><strong>Mellan: ca 30 min. <\/strong>Fotografering ca 30 min i och utanf\u00f6r atelj\u00e9n inkl 10 tackkort och digital CV-bild. Bildvisning i atelj\u00e9n eller webgalleri. Pris 1069 kr.<strong><br><\/strong><\/p>\n\n\n\n<p><strong>Stor: ca 60 min. <\/strong>Fotografering i och utanf\u00f6r atelj\u00e9n inkl 1 st 18&#215;24, 10 st tackkort och digital CV-bild, Det finns plats f\u00f6r kl\u00e4dbyte, typ balkl\u00e4nning. Bildvisning i atelj\u00e9n. Pris 1569 kr.<\/p>\n\n\n\n<figure class=\"wp-block-gallery has-nested-images columns-default is-cropped wp-block-gallery-1 is-layout-flex wp-block-gallery-is-layout-flex\">\n<figure class=\"wp-block-image\"><img loading=\"lazy\" decoding=\"async\" width=\"739\" height=\"1024\" data-attachment-id=\"1547\" data-permalink=\"https:\/\/bildateljen.se\/?attachment_id=1547\" data-orig-file=\"https:\/\/bildateljen.se\/wp-content\/uploads\/U6I0945-Editx13.jpg\" data-orig-size=\"1228,1701\" data-comments-opened=\"1\" data-image-meta=\"{&quot;aperture&quot;:&quot;4.5&quot;,&quot;credit&quot;:&quot;Lars \\u00c5ke Holst&quot;,&quot;camera&quot;:&quot;Canon EOS-1Ds Mark III&quot;,&quot;caption&quot;:&quot;&quot;,&quot;created_timestamp&quot;:&quot;1305884376&quot;,&quot;copyright&quot;:&quot;Copyright \\u00a9 Lars \\u00c5ke Holst bildateljen.se, All Rights Reserved. Detta f\\u00e4lt f\\u00e5r inte \\u00e4ndras eller raderas enligt 6 kap enlig&quot;,&quot;focal_length&quot;:&quot;51&quot;,&quot;iso&quot;:&quot;500&quot;,&quot;shutter_speed&quot;:&quot;0.003125&quot;,&quot;title&quot;:&quot;&quot;,&quot;orientation&quot;:&quot;1&quot;}\" data-image-title=\"_U6I0945-Editx13\" data-image-description=\"&lt;p&gt;Studentfotografering i atelj\u00e9 eller utomhus. &lt;\/p&gt;\n\" data-image-caption=\"&lt;p&gt;Student i det gr\u00f6na&lt;\/p&gt;\n\" data-large-file=\"https:\/\/bildateljen.se\/wp-content\/uploads\/U6I0945-Editx13-739x1024.jpg\" data-id=\"1547\" src=\"https:\/\/bildateljen.se\/wp-content\/uploads\/U6I0945-Editx13-739x1024.jpg\" alt=\"\" class=\"wp-image-1547\" srcset=\"https:\/\/bildateljen.se\/wp-content\/uploads\/U6I0945-Editx13-739x1024.jpg 739w, https:\/\/bildateljen.se\/wp-content\/uploads\/U6I0945-Editx13-217x300.jpg 217w, https:\/\/bildateljen.se\/wp-content\/uploads\/U6I0945-Editx13-768x1064.jpg 768w, https:\/\/bildateljen.se\/wp-content\/uploads\/U6I0945-Editx13-50x69.jpg 50w, https:\/\/bildateljen.se\/wp-content\/uploads\/U6I0945-Editx13.jpg 1228w\" sizes=\"auto, (max-width: 739px) 100vw, 739px\" \/><\/figure>\n\n\n\n<figure class=\"wp-block-image\"><img loading=\"lazy\" decoding=\"async\" width=\"768\" height=\"1024\" data-attachment-id=\"1546\" data-permalink=\"https:\/\/bildateljen.se\/?attachment_id=1546\" data-orig-file=\"https:\/\/bildateljen.se\/wp-content\/uploads\/U6I0935-Editx18.jpg\" data-orig-size=\"1701,2268\" data-comments-opened=\"1\" data-image-meta=\"{&quot;aperture&quot;:&quot;4.5&quot;,&quot;credit&quot;:&quot;Lars \\u00c5ke Holst&quot;,&quot;camera&quot;:&quot;Canon EOS-1Ds Mark III&quot;,&quot;caption&quot;:&quot;&quot;,&quot;created_timestamp&quot;:&quot;1305883906&quot;,&quot;copyright&quot;:&quot;Copyright \\u00a9 Lars \\u00c5ke Holst bildateljen.se, All Rights Reserved. Detta f\\u00e4lt f\\u00e5r inte \\u00e4ndras eller raderas enligt 6 kap enlig&quot;,&quot;focal_length&quot;:&quot;70&quot;,&quot;iso&quot;:&quot;500&quot;,&quot;shutter_speed&quot;:&quot;0.002&quot;,&quot;title&quot;:&quot;&quot;,&quot;orientation&quot;:&quot;1&quot;}\" data-image-title=\"_U6I0935-Editx18\" data-image-description=\"\" data-image-caption=\"\" data-large-file=\"https:\/\/bildateljen.se\/wp-content\/uploads\/U6I0935-Editx18-768x1024.jpg\" data-id=\"1546\" src=\"https:\/\/bildateljen.se\/wp-content\/uploads\/U6I0935-Editx18-768x1024.jpg\" alt=\"\" class=\"wp-image-1546\" srcset=\"https:\/\/bildateljen.se\/wp-content\/uploads\/U6I0935-Editx18-768x1024.jpg 768w, https:\/\/bildateljen.se\/wp-content\/uploads\/U6I0935-Editx18-225x300.jpg 225w, https:\/\/bildateljen.se\/wp-content\/uploads\/U6I0935-Editx18-50x67.jpg 50w, https:\/\/bildateljen.se\/wp-content\/uploads\/U6I0935-Editx18.jpg 1701w\" sizes=\"auto, (max-width: 768px) 100vw, 768px\" \/><\/figure>\n\n\n\n<figure class=\"wp-block-image\"><img loading=\"lazy\" decoding=\"async\" width=\"739\" height=\"1024\" data-attachment-id=\"1545\" data-permalink=\"https:\/\/bildateljen.se\/?attachment_id=1545\" data-orig-file=\"https:\/\/bildateljen.se\/wp-content\/uploads\/U6I0911-Editx13.jpg\" data-orig-size=\"1228,1701\" data-comments-opened=\"1\" data-image-meta=\"{&quot;aperture&quot;:&quot;10&quot;,&quot;credit&quot;:&quot;Lars \\u00c5ke Holst&quot;,&quot;camera&quot;:&quot;Canon EOS-1Ds Mark III&quot;,&quot;caption&quot;:&quot;&quot;,&quot;created_timestamp&quot;:&quot;1305883448&quot;,&quot;copyright&quot;:&quot;Copyright \\u00a9 Lars \\u00c5ke Holst bildateljen.se, All Rights Reserved. Detta f\\u00e4lt f\\u00e5r inte \\u00e4ndras eller raderas enligt 6 kap enlig&quot;,&quot;focal_length&quot;:&quot;57&quot;,&quot;iso&quot;:&quot;100&quot;,&quot;shutter_speed&quot;:&quot;0.01&quot;,&quot;title&quot;:&quot;&quot;,&quot;orientation&quot;:&quot;1&quot;}\" data-image-title=\"_U6I0911-Editx13\" data-image-description=\"\" data-image-caption=\"\" data-large-file=\"https:\/\/bildateljen.se\/wp-content\/uploads\/U6I0911-Editx13-739x1024.jpg\" data-id=\"1545\" src=\"https:\/\/bildateljen.se\/wp-content\/uploads\/U6I0911-Editx13-739x1024.jpg\" alt=\"\" class=\"wp-image-1545\" srcset=\"https:\/\/bildateljen.se\/wp-content\/uploads\/U6I0911-Editx13-739x1024.jpg 739w, https:\/\/bildateljen.se\/wp-content\/uploads\/U6I0911-Editx13-217x300.jpg 217w, https:\/\/bildateljen.se\/wp-content\/uploads\/U6I0911-Editx13-768x1064.jpg 768w, https:\/\/bildateljen.se\/wp-content\/uploads\/U6I0911-Editx13-50x69.jpg 50w, https:\/\/bildateljen.se\/wp-content\/uploads\/U6I0911-Editx13.jpg 1228w\" sizes=\"auto, (max-width: 739px) 100vw, 739px\" \/><\/figure>\n\n\n\n<figure class=\"wp-block-image\"><img loading=\"lazy\" decoding=\"async\" width=\"739\" height=\"1024\" data-attachment-id=\"1544\" data-permalink=\"https:\/\/bildateljen.se\/?attachment_id=1544\" data-orig-file=\"https:\/\/bildateljen.se\/wp-content\/uploads\/MG_0007-Editx13.jpg\" data-orig-size=\"1228,1701\" data-comments-opened=\"1\" data-image-meta=\"{&quot;aperture&quot;:&quot;1.8&quot;,&quot;credit&quot;:&quot;Lars \\u00c5ke Holst&quot;,&quot;camera&quot;:&quot;Canon EOS 5D Mark II&quot;,&quot;caption&quot;:&quot;&quot;,&quot;created_timestamp&quot;:&quot;1305886786&quot;,&quot;copyright&quot;:&quot;Copyright \\u00a9 Lars \\u00c5ke Holst bildateljen.se, All Rights Reserved. Detta f\\u00e4lt f\\u00e5r inte \\u00e4ndras eller raderas enligt 6 kap enlig&quot;,&quot;focal_length&quot;:&quot;50&quot;,&quot;iso&quot;:&quot;1250&quot;,&quot;shutter_speed&quot;:&quot;0.00625&quot;,&quot;title&quot;:&quot;&quot;,&quot;orientation&quot;:&quot;1&quot;}\" data-image-title=\"_MG_0007-Editx13\" data-image-description=\"\" data-image-caption=\"\" data-large-file=\"https:\/\/bildateljen.se\/wp-content\/uploads\/MG_0007-Editx13-739x1024.jpg\" data-id=\"1544\" src=\"https:\/\/bildateljen.se\/wp-content\/uploads\/MG_0007-Editx13-739x1024.jpg\" alt=\"\" class=\"wp-image-1544\" srcset=\"https:\/\/bildateljen.se\/wp-content\/uploads\/MG_0007-Editx13-739x1024.jpg 739w, https:\/\/bildateljen.se\/wp-content\/uploads\/MG_0007-Editx13-217x300.jpg 217w, https:\/\/bildateljen.se\/wp-content\/uploads\/MG_0007-Editx13-768x1064.jpg 768w, https:\/\/bildateljen.se\/wp-content\/uploads\/MG_0007-Editx13-50x69.jpg 50w, https:\/\/bildateljen.se\/wp-content\/uploads\/MG_0007-Editx13.jpg 1228w\" sizes=\"auto, (max-width: 739px) 100vw, 739px\" \/><\/figure>\n\n\n\n<figure class=\"wp-block-image\"><img loading=\"lazy\" decoding=\"async\" width=\"739\" height=\"1024\" data-attachment-id=\"1543\" data-permalink=\"https:\/\/bildateljen.se\/?attachment_id=1543\" data-orig-file=\"https:\/\/bildateljen.se\/wp-content\/uploads\/U6I8605.jpg\" data-orig-size=\"1535,2126\" data-comments-opened=\"1\" data-image-meta=\"{&quot;aperture&quot;:&quot;10&quot;,&quot;credit&quot;:&quot;Lars \\u00c5ke Holst&quot;,&quot;camera&quot;:&quot;Canon EOS-1Ds Mark III&quot;,&quot;caption&quot;:&quot;&quot;,&quot;created_timestamp&quot;:&quot;1370361066&quot;,&quot;copyright&quot;:&quot;Copyright \\u00a9 Lars \\u00c5ke Holst bildateljen.se, All Rights Reserved. Detta f\\u00e4lt f\\u00e5r inte \\u00e4ndras eller raderas enligt 6 kap enlig&quot;,&quot;focal_length&quot;:&quot;58&quot;,&quot;iso&quot;:&quot;100&quot;,&quot;shutter_speed&quot;:&quot;0.00625&quot;,&quot;title&quot;:&quot;&quot;,&quot;orientation&quot;:&quot;1&quot;}\" data-image-title=\"_U6I8605\" data-image-description=\"\" data-image-caption=\"\" data-large-file=\"https:\/\/bildateljen.se\/wp-content\/uploads\/U6I8605-739x1024.jpg\" data-id=\"1543\" src=\"https:\/\/bildateljen.se\/wp-content\/uploads\/U6I8605-739x1024.jpg\" alt=\"\" class=\"wp-image-1543\" srcset=\"https:\/\/bildateljen.se\/wp-content\/uploads\/U6I8605-739x1024.jpg 739w, https:\/\/bildateljen.se\/wp-content\/uploads\/U6I8605-217x300.jpg 217w, https:\/\/bildateljen.se\/wp-content\/uploads\/U6I8605-768x1064.jpg 768w, https:\/\/bildateljen.se\/wp-content\/uploads\/U6I8605-50x69.jpg 50w, https:\/\/bildateljen.se\/wp-content\/uploads\/U6I8605.jpg 1535w\" sizes=\"auto, (max-width: 739px) 100vw, 739px\" \/><\/figure>\n\n\n\n<figure class=\"wp-block-image\"><img loading=\"lazy\" decoding=\"async\" width=\"739\" height=\"1024\" data-attachment-id=\"1542\" data-permalink=\"https:\/\/bildateljen.se\/?attachment_id=1542\" data-orig-file=\"https:\/\/bildateljen.se\/wp-content\/uploads\/U6I8604.jpg\" data-orig-size=\"1535,2126\" data-comments-opened=\"1\" data-image-meta=\"{&quot;aperture&quot;:&quot;10&quot;,&quot;credit&quot;:&quot;Lars \\u00c5ke Holst&quot;,&quot;camera&quot;:&quot;Canon EOS-1Ds Mark III&quot;,&quot;caption&quot;:&quot;&quot;,&quot;created_timestamp&quot;:&quot;1370360934&quot;,&quot;copyright&quot;:&quot;Copyright \\u00a9 Lars \\u00c5ke Holst bildateljen.se, All Rights Reserved. Detta f\\u00e4lt f\\u00e5r inte \\u00e4ndras eller raderas enligt 6 kap enlig&quot;,&quot;focal_length&quot;:&quot;65&quot;,&quot;iso&quot;:&quot;100&quot;,&quot;shutter_speed&quot;:&quot;0.00625&quot;,&quot;title&quot;:&quot;&quot;,&quot;orientation&quot;:&quot;1&quot;}\" data-image-title=\"_U6I8604\" data-image-description=\"\" data-image-caption=\"\" data-large-file=\"https:\/\/bildateljen.se\/wp-content\/uploads\/U6I8604-739x1024.jpg\" data-id=\"1542\" src=\"https:\/\/bildateljen.se\/wp-content\/uploads\/U6I8604-739x1024.jpg\" alt=\"\" class=\"wp-image-1542\" srcset=\"https:\/\/bildateljen.se\/wp-content\/uploads\/U6I8604-739x1024.jpg 739w, https:\/\/bildateljen.se\/wp-content\/uploads\/U6I8604-217x300.jpg 217w, https:\/\/bildateljen.se\/wp-content\/uploads\/U6I8604-768x1064.jpg 768w, https:\/\/bildateljen.se\/wp-content\/uploads\/U6I8604-50x69.jpg 50w, https:\/\/bildateljen.se\/wp-content\/uploads\/U6I8604.jpg 1535w\" sizes=\"auto, (max-width: 739px) 100vw, 739px\" \/><\/figure>\n\n\n\n<figure class=\"wp-block-image\"><img loading=\"lazy\" decoding=\"async\" width=\"739\" height=\"1024\" data-attachment-id=\"1541\" data-permalink=\"https:\/\/bildateljen.se\/?attachment_id=1541\" data-orig-file=\"https:\/\/bildateljen.se\/wp-content\/uploads\/MG_6025.jpg\" data-orig-size=\"1535,2126\" data-comments-opened=\"1\" data-image-meta=\"{&quot;aperture&quot;:&quot;2.2&quot;,&quot;credit&quot;:&quot;Lars \\u00c5ke Holst&quot;,&quot;camera&quot;:&quot;Canon EOS 5D Mark II&quot;,&quot;caption&quot;:&quot;&quot;,&quot;created_timestamp&quot;:&quot;1370360981&quot;,&quot;copyright&quot;:&quot;Copyright \\u00a9 Lars \\u00c5ke Holst bildateljen.se, All Rights Reserved. Detta f\\u00e4lt f\\u00e5r inte \\u00e4ndras eller raderas enligt 6 kap enlig&quot;,&quot;focal_length&quot;:&quot;50&quot;,&quot;iso&quot;:&quot;1250&quot;,&quot;shutter_speed&quot;:&quot;0.01&quot;,&quot;title&quot;:&quot;&quot;,&quot;orientation&quot;:&quot;1&quot;}\" data-image-title=\"_MG_6025\" data-image-description=\"\" data-image-caption=\"\" data-large-file=\"https:\/\/bildateljen.se\/wp-content\/uploads\/MG_6025-739x1024.jpg\" data-id=\"1541\" src=\"https:\/\/bildateljen.se\/wp-content\/uploads\/MG_6025-739x1024.jpg\" alt=\"\" class=\"wp-image-1541\" srcset=\"https:\/\/bildateljen.se\/wp-content\/uploads\/MG_6025-739x1024.jpg 739w, https:\/\/bildateljen.se\/wp-content\/uploads\/MG_6025-217x300.jpg 217w, https:\/\/bildateljen.se\/wp-content\/uploads\/MG_6025-768x1064.jpg 768w, https:\/\/bildateljen.se\/wp-content\/uploads\/MG_6025-50x69.jpg 50w, https:\/\/bildateljen.se\/wp-content\/uploads\/MG_6025.jpg 1535w\" sizes=\"auto, (max-width: 739px) 100vw, 739px\" \/><\/figure>\n\n\n\n<figure class=\"wp-block-image\"><img loading=\"lazy\" decoding=\"async\" width=\"1024\" height=\"683\" data-attachment-id=\"1540\" data-permalink=\"https:\/\/bildateljen.se\/?attachment_id=1540\" data-orig-file=\"https:\/\/bildateljen.se\/wp-content\/uploads\/U6I2262-Editx10.jpg\" data-orig-size=\"1417,945\" data-comments-opened=\"1\" data-image-meta=\"{&quot;aperture&quot;:&quot;10&quot;,&quot;credit&quot;:&quot;Lars \\u00c5ke Holst&quot;,&quot;camera&quot;:&quot;Canon EOS-1Ds Mark III&quot;,&quot;caption&quot;:&quot;&quot;,&quot;created_timestamp&quot;:&quot;1308065727&quot;,&quot;copyright&quot;:&quot;Copyright \\u00a9 Lars \\u00c5ke Holst bildateljen.se, All Rights Reserved. Detta f\\u00e4lt f\\u00e5r inte \\u00e4ndras eller raderas enligt 6 kap enlig&quot;,&quot;focal_length&quot;:&quot;57&quot;,&quot;iso&quot;:&quot;100&quot;,&quot;shutter_speed&quot;:&quot;0.008&quot;,&quot;title&quot;:&quot;&quot;,&quot;orientation&quot;:&quot;1&quot;}\" data-image-title=\"_U6I2262-Editx10\" data-image-description=\"\" data-image-caption=\"\" data-large-file=\"https:\/\/bildateljen.se\/wp-content\/uploads\/U6I2262-Editx10-1024x683.jpg\" data-id=\"1540\" src=\"https:\/\/bildateljen.se\/wp-content\/uploads\/U6I2262-Editx10-1024x683.jpg\" alt=\"\" class=\"wp-image-1540\" srcset=\"https:\/\/bildateljen.se\/wp-content\/uploads\/U6I2262-Editx10-1024x683.jpg 1024w, https:\/\/bildateljen.se\/wp-content\/uploads\/U6I2262-Editx10-300x200.jpg 300w, https:\/\/bildateljen.se\/wp-content\/uploads\/U6I2262-Editx10-768x512.jpg 768w, https:\/\/bildateljen.se\/wp-content\/uploads\/U6I2262-Editx10-50x33.jpg 50w, https:\/\/bildateljen.se\/wp-content\/uploads\/U6I2262-Editx10.jpg 1417w\" sizes=\"auto, (max-width: 1024px) 100vw, 1024px\" \/><\/figure>\n\n\n\n<figure class=\"wp-block-image\"><img loading=\"lazy\" decoding=\"async\" width=\"768\" height=\"1024\" data-attachment-id=\"1539\" data-permalink=\"https:\/\/bildateljen.se\/?attachment_id=1539\" data-orig-file=\"https:\/\/bildateljen.se\/wp-content\/uploads\/U6I1852-Editx18.jpg\" data-orig-size=\"1701,2268\" data-comments-opened=\"1\" data-image-meta=\"{&quot;aperture&quot;:&quot;10&quot;,&quot;credit&quot;:&quot;Lars \\u00c5ke Holst&quot;,&quot;camera&quot;:&quot;Canon EOS-1Ds Mark III&quot;,&quot;caption&quot;:&quot;&quot;,&quot;created_timestamp&quot;:&quot;1307702381&quot;,&quot;copyright&quot;:&quot;Copyright \\u00a9 Lars \\u00c5ke Holst bildateljen.se, All Rights Reserved. Detta f\\u00e4lt f\\u00e5r inte \\u00e4ndras eller raderas enligt 6 kap enlig&quot;,&quot;focal_length&quot;:&quot;70&quot;,&quot;iso&quot;:&quot;100&quot;,&quot;shutter_speed&quot;:&quot;0.00625&quot;,&quot;title&quot;:&quot;&quot;,&quot;orientation&quot;:&quot;1&quot;}\" data-image-title=\"_U6I1852-Editx18\" data-image-description=\"\" data-image-caption=\"\" data-large-file=\"https:\/\/bildateljen.se\/wp-content\/uploads\/U6I1852-Editx18-768x1024.jpg\" data-id=\"1539\" src=\"https:\/\/bildateljen.se\/wp-content\/uploads\/U6I1852-Editx18-768x1024.jpg\" alt=\"\" class=\"wp-image-1539\" srcset=\"https:\/\/bildateljen.se\/wp-content\/uploads\/U6I1852-Editx18-768x1024.jpg 768w, https:\/\/bildateljen.se\/wp-content\/uploads\/U6I1852-Editx18-225x300.jpg 225w, https:\/\/bildateljen.se\/wp-content\/uploads\/U6I1852-Editx18-50x67.jpg 50w, https:\/\/bildateljen.se\/wp-content\/uploads\/U6I1852-Editx18.jpg 1701w\" sizes=\"auto, (max-width: 768px) 100vw, 768px\" \/><\/figure>\n\n\n\n<figure class=\"wp-block-image\"><img loading=\"lazy\" decoding=\"async\" width=\"756\" height=\"1024\" data-attachment-id=\"1538\" data-permalink=\"https:\/\/bildateljen.se\/?attachment_id=1538\" data-orig-file=\"https:\/\/bildateljen.se\/wp-content\/uploads\/U6I1840-Editx9.jpg\" data-orig-size=\"803,1087\" data-comments-opened=\"1\" data-image-meta=\"{&quot;aperture&quot;:&quot;10&quot;,&quot;credit&quot;:&quot;Lars \\u00c5ke Holst&quot;,&quot;camera&quot;:&quot;Canon EOS-1Ds Mark III&quot;,&quot;caption&quot;:&quot;&quot;,&quot;created_timestamp&quot;:&quot;1307702277&quot;,&quot;copyright&quot;:&quot;Copyright \\u00a9 Lars \\u00c5ke Holst bildateljen.se, All Rights Reserved. Detta f\\u00e4lt f\\u00e5r inte \\u00e4ndras eller raderas enligt 6 kap enlig&quot;,&quot;focal_length&quot;:&quot;70&quot;,&quot;iso&quot;:&quot;100&quot;,&quot;shutter_speed&quot;:&quot;0.00625&quot;,&quot;title&quot;:&quot;&quot;,&quot;orientation&quot;:&quot;1&quot;}\" data-image-title=\"_U6I1840-Editx9\" data-image-description=\"\" data-image-caption=\"\" data-large-file=\"https:\/\/bildateljen.se\/wp-content\/uploads\/U6I1840-Editx9-756x1024.jpg\" data-id=\"1538\" src=\"https:\/\/bildateljen.se\/wp-content\/uploads\/U6I1840-Editx9-756x1024.jpg\" alt=\"\" class=\"wp-image-1538\" srcset=\"https:\/\/bildateljen.se\/wp-content\/uploads\/U6I1840-Editx9-756x1024.jpg 756w, https:\/\/bildateljen.se\/wp-content\/uploads\/U6I1840-Editx9-222x300.jpg 222w, https:\/\/bildateljen.se\/wp-content\/uploads\/U6I1840-Editx9-768x1040.jpg 768w, https:\/\/bildateljen.se\/wp-content\/uploads\/U6I1840-Editx9-50x68.jpg 50w, https:\/\/bildateljen.se\/wp-content\/uploads\/U6I1840-Editx9.jpg 803w\" sizes=\"auto, (max-width: 756px) 100vw, 756px\" \/><\/figure>\n\n\n\n<figure class=\"wp-block-image\"><img loading=\"lazy\" decoding=\"async\" width=\"811\" height=\"1024\" data-attachment-id=\"1537\" data-permalink=\"https:\/\/bildateljen.se\/?attachment_id=1537\" data-orig-file=\"https:\/\/bildateljen.se\/wp-content\/uploads\/U6I1409-Editx9.jpg\" data-orig-size=\"898,1134\" data-comments-opened=\"1\" data-image-meta=\"{&quot;aperture&quot;:&quot;10&quot;,&quot;credit&quot;:&quot;Lars \\u00c5ke Holst&quot;,&quot;camera&quot;:&quot;Canon EOS-1Ds Mark III&quot;,&quot;caption&quot;:&quot;&quot;,&quot;created_timestamp&quot;:&quot;1306937940&quot;,&quot;copyright&quot;:&quot;Copyright \\u00a9 Lars \\u00c5ke Holst bildateljen.se, All Rights Reserved. Detta f\\u00e4lt f\\u00e5r inte \\u00e4ndras eller raderas enligt 6 kap enlig&quot;,&quot;focal_length&quot;:&quot;52&quot;,&quot;iso&quot;:&quot;100&quot;,&quot;shutter_speed&quot;:&quot;0.00625&quot;,&quot;title&quot;:&quot;&quot;,&quot;orientation&quot;:&quot;1&quot;}\" data-image-title=\"_U6I1409-Editx9\" data-image-description=\"\" data-image-caption=\"\" data-large-file=\"https:\/\/bildateljen.se\/wp-content\/uploads\/U6I1409-Editx9-811x1024.jpg\" data-id=\"1537\" src=\"https:\/\/bildateljen.se\/wp-content\/uploads\/U6I1409-Editx9-811x1024.jpg\" alt=\"\" class=\"wp-image-1537\" srcset=\"https:\/\/bildateljen.se\/wp-content\/uploads\/U6I1409-Editx9-811x1024.jpg 811w, https:\/\/bildateljen.se\/wp-content\/uploads\/U6I1409-Editx9-238x300.jpg 238w, https:\/\/bildateljen.se\/wp-content\/uploads\/U6I1409-Editx9-768x970.jpg 768w, https:\/\/bildateljen.se\/wp-content\/uploads\/U6I1409-Editx9-50x63.jpg 50w, https:\/\/bildateljen.se\/wp-content\/uploads\/U6I1409-Editx9.jpg 898w\" sizes=\"auto, (max-width: 811px) 100vw, 811px\" \/><\/figure>\n\n\n\n<figure class=\"wp-block-image\"><img loading=\"lazy\" decoding=\"async\" width=\"811\" height=\"1024\" data-attachment-id=\"1536\" data-permalink=\"https:\/\/bildateljen.se\/?attachment_id=1536\" data-orig-file=\"https:\/\/bildateljen.se\/wp-content\/uploads\/U6I1398-Editx9.jpg\" data-orig-size=\"898,1134\" data-comments-opened=\"1\" data-image-meta=\"{&quot;aperture&quot;:&quot;10&quot;,&quot;credit&quot;:&quot;Lars \\u00c5ke Holst&quot;,&quot;camera&quot;:&quot;Canon EOS-1Ds Mark III&quot;,&quot;caption&quot;:&quot;&quot;,&quot;created_timestamp&quot;:&quot;1306937847&quot;,&quot;copyright&quot;:&quot;Copyright \\u00a9 Lars \\u00c5ke Holst bildateljen.se, All Rights Reserved. Detta f\\u00e4lt f\\u00e5r inte \\u00e4ndras eller raderas enligt 6 kap enlig&quot;,&quot;focal_length&quot;:&quot;55&quot;,&quot;iso&quot;:&quot;100&quot;,&quot;shutter_speed&quot;:&quot;0.00625&quot;,&quot;title&quot;:&quot;&quot;,&quot;orientation&quot;:&quot;1&quot;}\" data-image-title=\"_U6I1398-Editx9\" data-image-description=\"\" data-image-caption=\"\" data-large-file=\"https:\/\/bildateljen.se\/wp-content\/uploads\/U6I1398-Editx9-811x1024.jpg\" data-id=\"1536\" src=\"https:\/\/bildateljen.se\/wp-content\/uploads\/U6I1398-Editx9-811x1024.jpg\" alt=\"\" class=\"wp-image-1536\" srcset=\"https:\/\/bildateljen.se\/wp-content\/uploads\/U6I1398-Editx9-811x1024.jpg 811w, https:\/\/bildateljen.se\/wp-content\/uploads\/U6I1398-Editx9-238x300.jpg 238w, https:\/\/bildateljen.se\/wp-content\/uploads\/U6I1398-Editx9-768x970.jpg 768w, https:\/\/bildateljen.se\/wp-content\/uploads\/U6I1398-Editx9-50x63.jpg 50w, https:\/\/bildateljen.se\/wp-content\/uploads\/U6I1398-Editx9.jpg 898w\" sizes=\"auto, (max-width: 811px) 100vw, 811px\" \/><\/figure>\n\n\n\n<figure class=\"wp-block-image\"><img loading=\"lazy\" decoding=\"async\" width=\"811\" height=\"1024\" data-attachment-id=\"1535\" data-permalink=\"https:\/\/bildateljen.se\/?attachment_id=1535\" data-orig-file=\"https:\/\/bildateljen.se\/wp-content\/uploads\/U6I1385-Editx9.jpg\" data-orig-size=\"898,1134\" data-comments-opened=\"1\" data-image-meta=\"{&quot;aperture&quot;:&quot;10&quot;,&quot;credit&quot;:&quot;Lars \\u00c5ke Holst&quot;,&quot;camera&quot;:&quot;Canon EOS-1Ds Mark III&quot;,&quot;caption&quot;:&quot;&quot;,&quot;created_timestamp&quot;:&quot;1306937278&quot;,&quot;copyright&quot;:&quot;Copyright \\u00a9 Lars \\u00c5ke Holst bildateljen.se, All Rights Reserved. Detta f\\u00e4lt f\\u00e5r inte \\u00e4ndras eller raderas enligt 6 kap enlig&quot;,&quot;focal_length&quot;:&quot;62&quot;,&quot;iso&quot;:&quot;100&quot;,&quot;shutter_speed&quot;:&quot;0.00625&quot;,&quot;title&quot;:&quot;&quot;,&quot;orientation&quot;:&quot;1&quot;}\" data-image-title=\"_U6I1385-Editx9\" data-image-description=\"\" data-image-caption=\"\" data-large-file=\"https:\/\/bildateljen.se\/wp-content\/uploads\/U6I1385-Editx9-811x1024.jpg\" data-id=\"1535\" src=\"https:\/\/bildateljen.se\/wp-content\/uploads\/U6I1385-Editx9-811x1024.jpg\" alt=\"\" class=\"wp-image-1535\" srcset=\"https:\/\/bildateljen.se\/wp-content\/uploads\/U6I1385-Editx9-811x1024.jpg 811w, https:\/\/bildateljen.se\/wp-content\/uploads\/U6I1385-Editx9-238x300.jpg 238w, https:\/\/bildateljen.se\/wp-content\/uploads\/U6I1385-Editx9-768x970.jpg 768w, https:\/\/bildateljen.se\/wp-content\/uploads\/U6I1385-Editx9-50x63.jpg 50w, https:\/\/bildateljen.se\/wp-content\/uploads\/U6I1385-Editx9.jpg 898w\" sizes=\"auto, (max-width: 811px) 100vw, 811px\" \/><\/figure>\n\n\n\n<figure class=\"wp-block-image\"><img loading=\"lazy\" decoding=\"async\" width=\"811\" height=\"1024\" data-attachment-id=\"1534\" data-permalink=\"https:\/\/bildateljen.se\/?attachment_id=1534\" data-orig-file=\"https:\/\/bildateljen.se\/wp-content\/uploads\/U6I1362-Editx9.jpg\" data-orig-size=\"898,1134\" data-comments-opened=\"1\" data-image-meta=\"{&quot;aperture&quot;:&quot;10&quot;,&quot;credit&quot;:&quot;Lars \\u00c5ke Holst&quot;,&quot;camera&quot;:&quot;Canon EOS-1Ds Mark III&quot;,&quot;caption&quot;:&quot;&quot;,&quot;created_timestamp&quot;:&quot;1306936828&quot;,&quot;copyright&quot;:&quot;Copyright \\u00a9 Lars \\u00c5ke Holst bildateljen.se, All Rights Reserved. Detta f\\u00e4lt f\\u00e5r inte \\u00e4ndras eller raderas enligt 6 kap enlig&quot;,&quot;focal_length&quot;:&quot;55&quot;,&quot;iso&quot;:&quot;100&quot;,&quot;shutter_speed&quot;:&quot;0.00625&quot;,&quot;title&quot;:&quot;&quot;,&quot;orientation&quot;:&quot;1&quot;}\" data-image-title=\"_U6I1362-Editx9\" data-image-description=\"\" data-image-caption=\"\" data-large-file=\"https:\/\/bildateljen.se\/wp-content\/uploads\/U6I1362-Editx9-811x1024.jpg\" data-id=\"1534\" src=\"https:\/\/bildateljen.se\/wp-content\/uploads\/U6I1362-Editx9-811x1024.jpg\" alt=\"\" class=\"wp-image-1534\" srcset=\"https:\/\/bildateljen.se\/wp-content\/uploads\/U6I1362-Editx9-811x1024.jpg 811w, https:\/\/bildateljen.se\/wp-content\/uploads\/U6I1362-Editx9-238x300.jpg 238w, https:\/\/bildateljen.se\/wp-content\/uploads\/U6I1362-Editx9-768x970.jpg 768w, https:\/\/bildateljen.se\/wp-content\/uploads\/U6I1362-Editx9-50x63.jpg 50w, https:\/\/bildateljen.se\/wp-content\/uploads\/U6I1362-Editx9.jpg 898w\" sizes=\"auto, (max-width: 811px) 100vw, 811px\" \/><\/figure>\n\n\n\n<figure class=\"wp-block-image\"><img loading=\"lazy\" decoding=\"async\" width=\"1000\" height=\"707\" data-attachment-id=\"1533\" data-permalink=\"https:\/\/bildateljen.se\/?attachment_id=1533\" data-orig-file=\"https:\/\/bildateljen.se\/wp-content\/uploads\/U6I1294.jpg\" data-orig-size=\"1000,707\" data-comments-opened=\"1\" data-image-meta=\"{&quot;aperture&quot;:&quot;10&quot;,&quot;credit&quot;:&quot;Lars \\u00c5ke Holst&quot;,&quot;camera&quot;:&quot;Canon EOS-1Ds Mark III&quot;,&quot;caption&quot;:&quot;&quot;,&quot;created_timestamp&quot;:&quot;1306859554&quot;,&quot;copyright&quot;:&quot;Copyright \\u00a9 Lars \\u00c5ke Holst bildateljen.se, All Rights Reserved. Detta f\\u00e4lt f\\u00e5r inte \\u00e4ndras eller raderas enligt 6 kap enlig&quot;,&quot;focal_length&quot;:&quot;55&quot;,&quot;iso&quot;:&quot;100&quot;,&quot;shutter_speed&quot;:&quot;0.00625&quot;,&quot;title&quot;:&quot;&quot;,&quot;orientation&quot;:&quot;0&quot;}\" data-image-title=\"_U6I1294\" data-image-description=\"\" data-image-caption=\"\" data-large-file=\"https:\/\/bildateljen.se\/wp-content\/uploads\/U6I1294.jpg\" data-id=\"1533\" src=\"https:\/\/bildateljen.se\/wp-content\/uploads\/U6I1294.jpg\" alt=\"\" class=\"wp-image-1533\" srcset=\"https:\/\/bildateljen.se\/wp-content\/uploads\/U6I1294.jpg 1000w, https:\/\/bildateljen.se\/wp-content\/uploads\/U6I1294-300x212.jpg 300w, https:\/\/bildateljen.se\/wp-content\/uploads\/U6I1294-768x543.jpg 768w, https:\/\/bildateljen.se\/wp-content\/uploads\/U6I1294-50x35.jpg 50w\" sizes=\"auto, (max-width: 1000px) 100vw, 1000px\" \/><\/figure>\n\n\n\n<figure class=\"wp-block-image\"><img loading=\"lazy\" decoding=\"async\" width=\"757\" height=\"1000\" data-attachment-id=\"1532\" data-permalink=\"https:\/\/bildateljen.se\/?attachment_id=1532\" data-orig-file=\"https:\/\/bildateljen.se\/wp-content\/uploads\/MG_0140.jpg\" data-orig-size=\"757,1000\" data-comments-opened=\"1\" data-image-meta=\"{&quot;aperture&quot;:&quot;1.8&quot;,&quot;credit&quot;:&quot;Lars \\u00c5ke Holst&quot;,&quot;camera&quot;:&quot;Canon EOS 5D Mark II&quot;,&quot;caption&quot;:&quot;&quot;,&quot;created_timestamp&quot;:&quot;1306864661&quot;,&quot;copyright&quot;:&quot;Copyright \\u00a9 Lars \\u00c5ke Holst bildateljen.se, All Rights Reserved. Detta f\\u00e4lt f\\u00e5r inte \\u00e4ndras eller raderas enligt 6 kap enlig&quot;,&quot;focal_length&quot;:&quot;50&quot;,&quot;iso&quot;:&quot;1000&quot;,&quot;shutter_speed&quot;:&quot;0.005&quot;,&quot;title&quot;:&quot;&quot;,&quot;orientation&quot;:&quot;0&quot;}\" data-image-title=\"_MG_0140\" data-image-description=\"\" data-image-caption=\"\" data-large-file=\"https:\/\/bildateljen.se\/wp-content\/uploads\/MG_0140.jpg\" data-id=\"1532\" src=\"https:\/\/bildateljen.se\/wp-content\/uploads\/MG_0140.jpg\" alt=\"\" class=\"wp-image-1532\" srcset=\"https:\/\/bildateljen.se\/wp-content\/uploads\/MG_0140.jpg 757w, https:\/\/bildateljen.se\/wp-content\/uploads\/MG_0140-227x300.jpg 227w, https:\/\/bildateljen.se\/wp-content\/uploads\/MG_0140-50x66.jpg 50w\" sizes=\"auto, (max-width: 757px) 100vw, 757px\" \/><\/figure>\n\n\n\n<figure class=\"wp-block-image\"><img loading=\"lazy\" decoding=\"async\" width=\"693\" height=\"1000\" data-attachment-id=\"1531\" data-permalink=\"https:\/\/bildateljen.se\/?attachment_id=1531\" data-orig-file=\"https:\/\/bildateljen.se\/wp-content\/uploads\/MG_0095.jpg\" data-orig-size=\"693,1000\" data-comments-opened=\"1\" data-image-meta=\"{&quot;aperture&quot;:&quot;1.8&quot;,&quot;credit&quot;:&quot;Lars \\u00c5ke Holst&quot;,&quot;camera&quot;:&quot;Canon EOS 5D Mark II&quot;,&quot;caption&quot;:&quot;&quot;,&quot;created_timestamp&quot;:&quot;1306862661&quot;,&quot;copyright&quot;:&quot;Copyright \\u00a9 Lars \\u00c5ke Holst bildateljen.se, All Rights Reserved. Detta f\\u00e4lt f\\u00e5r inte \\u00e4ndras eller raderas enligt 6 kap enlig&quot;,&quot;focal_length&quot;:&quot;50&quot;,&quot;iso&quot;:&quot;1250&quot;,&quot;shutter_speed&quot;:&quot;0.00625&quot;,&quot;title&quot;:&quot;&quot;,&quot;orientation&quot;:&quot;0&quot;}\" data-image-title=\"_MG_0095\" data-image-description=\"\" data-image-caption=\"\" data-large-file=\"https:\/\/bildateljen.se\/wp-content\/uploads\/MG_0095.jpg\" data-id=\"1531\" src=\"https:\/\/bildateljen.se\/wp-content\/uploads\/MG_0095.jpg\" alt=\"\" class=\"wp-image-1531\" srcset=\"https:\/\/bildateljen.se\/wp-content\/uploads\/MG_0095.jpg 693w, https:\/\/bildateljen.se\/wp-content\/uploads\/MG_0095-208x300.jpg 208w, https:\/\/bildateljen.se\/wp-content\/uploads\/MG_0095-50x72.jpg 50w\" sizes=\"auto, (max-width: 693px) 100vw, 693px\" \/><\/figure>\n\n\n\n<figure class=\"wp-block-image\"><img loading=\"lazy\" decoding=\"async\" width=\"742\" height=\"1000\" data-attachment-id=\"1530\" data-permalink=\"https:\/\/bildateljen.se\/?attachment_id=1530\" data-orig-file=\"https:\/\/bildateljen.se\/wp-content\/uploads\/MG_0092.jpg\" data-orig-size=\"742,1000\" data-comments-opened=\"1\" data-image-meta=\"{&quot;aperture&quot;:&quot;1.8&quot;,&quot;credit&quot;:&quot;Lars \\u00c5ke Holst&quot;,&quot;camera&quot;:&quot;Canon EOS 5D Mark II&quot;,&quot;caption&quot;:&quot;&quot;,&quot;created_timestamp&quot;:&quot;1306862361&quot;,&quot;copyright&quot;:&quot;Copyright \\u00a9 Lars \\u00c5ke Holst bildateljen.se, All Rights Reserved. Detta f\\u00e4lt f\\u00e5r inte \\u00e4ndras eller raderas enligt 6 kap enlig&quot;,&quot;focal_length&quot;:&quot;50&quot;,&quot;iso&quot;:&quot;1250&quot;,&quot;shutter_speed&quot;:&quot;0.005&quot;,&quot;title&quot;:&quot;&quot;,&quot;orientation&quot;:&quot;0&quot;}\" data-image-title=\"_MG_0092\" data-image-description=\"\" data-image-caption=\"\" data-large-file=\"https:\/\/bildateljen.se\/wp-content\/uploads\/MG_0092.jpg\" data-id=\"1530\" src=\"https:\/\/bildateljen.se\/wp-content\/uploads\/MG_0092.jpg\" alt=\"\" class=\"wp-image-1530\" srcset=\"https:\/\/bildateljen.se\/wp-content\/uploads\/MG_0092.jpg 742w, https:\/\/bildateljen.se\/wp-content\/uploads\/MG_0092-223x300.jpg 223w, https:\/\/bildateljen.se\/wp-content\/uploads\/MG_0092-50x67.jpg 50w\" sizes=\"auto, (max-width: 742px) 100vw, 742px\" \/><\/figure>\n\n\n\n<figure class=\"wp-block-image\"><img loading=\"lazy\" decoding=\"async\" width=\"342\" height=\"472\" data-attachment-id=\"1529\" data-permalink=\"https:\/\/bildateljen.se\/?attachment_id=1529\" data-orig-file=\"https:\/\/bildateljen.se\/wp-content\/uploads\/U6I1277.jpg\" data-orig-size=\"342,472\" data-comments-opened=\"1\" data-image-meta=\"{&quot;aperture&quot;:&quot;10&quot;,&quot;credit&quot;:&quot;Lars \\u00c5ke Holst&quot;,&quot;camera&quot;:&quot;Canon EOS-1Ds Mark III&quot;,&quot;caption&quot;:&quot;&quot;,&quot;created_timestamp&quot;:&quot;1306859233&quot;,&quot;copyright&quot;:&quot;Copyright \\u00a9 Lars \\u00c5ke Holst bildateljen.se, All Rights Reserved. Detta f\\u00e4lt f\\u00e5r inte \\u00e4ndras eller raderas enligt 6 kap enlig&quot;,&quot;focal_length&quot;:&quot;57&quot;,&quot;iso&quot;:&quot;100&quot;,&quot;shutter_speed&quot;:&quot;0.00625&quot;,&quot;title&quot;:&quot;&quot;,&quot;orientation&quot;:&quot;0&quot;}\" data-image-title=\"_U6I1277\" data-image-description=\"\" data-image-caption=\"\" data-large-file=\"https:\/\/bildateljen.se\/wp-content\/uploads\/U6I1277.jpg\" data-id=\"1529\" src=\"https:\/\/bildateljen.se\/wp-content\/uploads\/U6I1277.jpg\" alt=\"\" class=\"wp-image-1529\" srcset=\"https:\/\/bildateljen.se\/wp-content\/uploads\/U6I1277.jpg 342w, https:\/\/bildateljen.se\/wp-content\/uploads\/U6I1277-217x300.jpg 217w, https:\/\/bildateljen.se\/wp-content\/uploads\/U6I1277-50x69.jpg 50w\" sizes=\"auto, (max-width: 342px) 100vw, 342px\" \/><\/figure>\n<\/figure>\n<!-- AddThis Advanced Settings generic via filter on the_content --><!-- AddThis Share Buttons generic via filter on the_content -->","protected":false},"excerpt":{"rendered":"<p>Studentfoto med kompisarna 3-5 st. Fotografering i atelj\u00e9n eller utanf\u00f6r. Gruppbild med de n\u00e4rmaste kompisarna, inkl 1 st 13&#215;18 bild\/student. Fotograferingsl\u00e4ngd ca 20 min. Pris 449kr\/person. &nbsp; Liten: ca 10 min. Kort fotografering i atelj\u00e9n, inkl 10 st tackkort. V\u00e4ljer bilder i webgalleri. Pris 750 kr. Mellan: ca 30 min. Fotografering ca 30 min i [&hellip;]<!-- AddThis Advanced Settings generic via filter on get_the_excerpt --><!-- AddThis Share Buttons generic via filter on get_the_excerpt --><\/p>\n","protected":false},"author":1,"featured_media":0,"parent":0,"menu_order":0,"comment_status":"closed","ping_status":"closed","template":"","meta":{"advanced_seo_description":"","jetpack_seo_html_title":"","jetpack_seo_noindex":false,"jetpack_post_was_ever_published":false,"footnotes":""},"class_list":["post-1525","page","type-page","status-publish","hentry"],"jetpack_shortlink":"https:\/\/wp.me\/P8u969-oB","jetpack-related-posts":[],"jetpack_likes_enabled":true,"jetpack_sharing_enabled":true,"_links":{"self":[{"href":"https:\/\/bildateljen.se\/index.php?rest_route=\/wp\/v2\/pages\/1525","targetHints":{"allow":["GET"]}}],"collection":[{"href":"https:\/\/bildateljen.se\/index.php?rest_route=\/wp\/v2\/pages"}],"about":[{"href":"https:\/\/bildateljen.se\/index.php?rest_route=\/wp\/v2\/types\/page"}],"author":[{"embeddable":true,"href":"https:\/\/bildateljen.se\/index.php?rest_route=\/wp\/v2\/users\/1"}],"replies":[{"embeddable":true,"href":"https:\/\/bildateljen.se\/index.php?rest_route=%2Fwp%2Fv2%2Fcomments&post=1525"}],"version-history":[{"count":11,"href":"https:\/\/bildateljen.se\/index.php?rest_route=\/wp\/v2\/pages\/1525\/revisions"}],"predecessor-version":[{"id":2198,"href":"https:\/\/bildateljen.se\/index.php?rest_route=\/wp\/v2\/pages\/1525\/revisions\/2198"}],"wp:attachment":[{"href":"https:\/\/bildateljen.se\/index.php?rest_route=%2Fwp%2Fv2%2Fmedia&parent=1525"}],"curies":[{"name":"wp","href":"https:\/\/api.w.org\/{rel}","templated":true}]}}