{"id":1515,"date":"2018-08-20T13:11:28","date_gmt":"2018-08-20T12:11:28","guid":{"rendered":"http:\/\/bildateljen.se\/?page_id=1515"},"modified":"2026-03-02T10:05:51","modified_gmt":"2026-03-02T09:05:51","slug":"home","status":"publish","type":"page","link":"https:\/\/bildateljen.se\/","title":{"rendered":"Gustavsbergs Bildatelj\u00e9 byter adress. Vi \u00f6ppnar p\u00e5 nytt i december 2025 p\u00e5 Klosterv\u00e4gen 29. Boka din tid nedan."},"content":{"rendered":"\n<p class=\"has-text-align-center\"><strong>Jag b\u00f6rjar \u00e5ret med 2 kortare sjukskrivningar. I l\u00e4nken nedan hittar du tider f\u00f6r bokning fram\u00e5t april och maj. Ring om du beh\u00f6ver hj\u00e4lp tidigare.<\/strong><\/p>\n\n\n\n<figure class=\"wp-block-gallery has-nested-images columns-default is-cropped is-style-rectangular wp-block-gallery-1 is-layout-flex wp-block-gallery-is-layout-flex\">\n<figure class=\"wp-block-image size-large\"><img loading=\"lazy\" decoding=\"async\" width=\"739\" height=\"1024\" data-attachment-id=\"1547\" data-permalink=\"https:\/\/bildateljen.se\/?attachment_id=1547\" data-orig-file=\"https:\/\/bildateljen.se\/wp-content\/uploads\/U6I0945-Editx13.jpg\" data-orig-size=\"1228,1701\" data-comments-opened=\"1\" data-image-meta=\"{&quot;aperture&quot;:&quot;4.5&quot;,&quot;credit&quot;:&quot;Lars \\u00c5ke Holst&quot;,&quot;camera&quot;:&quot;Canon EOS-1Ds Mark III&quot;,&quot;caption&quot;:&quot;&quot;,&quot;created_timestamp&quot;:&quot;1305884376&quot;,&quot;copyright&quot;:&quot;Copyright \\u00a9 Lars \\u00c5ke Holst bildateljen.se, All Rights Reserved. Detta f\\u00e4lt f\\u00e5r inte \\u00e4ndras eller raderas enligt 6 kap enlig&quot;,&quot;focal_length&quot;:&quot;51&quot;,&quot;iso&quot;:&quot;500&quot;,&quot;shutter_speed&quot;:&quot;0.003125&quot;,&quot;title&quot;:&quot;&quot;,&quot;orientation&quot;:&quot;1&quot;}\" data-image-title=\"_U6I0945-Editx13\" data-image-description=\"&lt;p&gt;Studentfotografering i atelj\u00e9 eller utomhus. &lt;\/p&gt;\n\" data-image-caption=\"&lt;p&gt;Student i det gr\u00f6na&lt;\/p&gt;\n\" data-large-file=\"https:\/\/bildateljen.se\/wp-content\/uploads\/U6I0945-Editx13-739x1024.jpg\" data-id=\"1547\" src=\"https:\/\/bildateljen.se\/wp-content\/uploads\/U6I0945-Editx13-739x1024.jpg\" alt=\"Studentfotografering\" class=\"wp-image-1547\" srcset=\"https:\/\/bildateljen.se\/wp-content\/uploads\/U6I0945-Editx13-739x1024.jpg 739w, https:\/\/bildateljen.se\/wp-content\/uploads\/U6I0945-Editx13-217x300.jpg 217w, https:\/\/bildateljen.se\/wp-content\/uploads\/U6I0945-Editx13-768x1064.jpg 768w, https:\/\/bildateljen.se\/wp-content\/uploads\/U6I0945-Editx13-50x69.jpg 50w, https:\/\/bildateljen.se\/wp-content\/uploads\/U6I0945-Editx13.jpg 1228w\" sizes=\"auto, (max-width: 739px) 100vw, 739px\" \/><figcaption class=\"wp-element-caption\">Student i det gr\u00f6na<\/figcaption><\/figure>\n<\/figure>\n\n\n\n<figure class=\"wp-block-image size-full is-resized\"><img loading=\"lazy\" decoding=\"async\" width=\"709\" height=\"709\" data-attachment-id=\"1878\" data-permalink=\"https:\/\/bildateljen.se\/?attachment_id=1878\" data-orig-file=\"https:\/\/bildateljen.se\/wp-content\/uploads\/LA.png\" data-orig-size=\"709,709\" data-comments-opened=\"0\" data-image-meta=\"{&quot;aperture&quot;:&quot;0&quot;,&quot;credit&quot;:&quot;&quot;,&quot;camera&quot;:&quot;&quot;,&quot;caption&quot;:&quot;&quot;,&quot;created_timestamp&quot;:&quot;0&quot;,&quot;copyright&quot;:&quot;&quot;,&quot;focal_length&quot;:&quot;0&quot;,&quot;iso&quot;:&quot;0&quot;,&quot;shutter_speed&quot;:&quot;0&quot;,&quot;title&quot;:&quot;&quot;,&quot;orientation&quot;:&quot;0&quot;}\" data-image-title=\"Lars \u00c5ke Holst\" data-image-description=\"&lt;p&gt;Fotografen p\u00e5 Gustavsbergs Bildatelj\u00e9&lt;\/p&gt;\n\" data-image-caption=\"&lt;p&gt;Fotografen p\u00e5 Gustavsbergs Bildatelj\u00e9&lt;\/p&gt;\n\" data-large-file=\"https:\/\/bildateljen.se\/wp-content\/uploads\/LA.png\" src=\"https:\/\/bildateljen.se\/wp-content\/uploads\/LA.png\" alt=\"FOTOGRAFEN\" class=\"wp-image-1878\" srcset=\"https:\/\/bildateljen.se\/wp-content\/uploads\/LA.png 709w, https:\/\/bildateljen.se\/wp-content\/uploads\/LA-300x300.png 300w, https:\/\/bildateljen.se\/wp-content\/uploads\/LA-150x150.png 150w, https:\/\/bildateljen.se\/wp-content\/uploads\/LA-50x50.png 50w\" sizes=\"auto, (max-width: 709px) 100vw, 709px\" \/><figcaption class=\"wp-element-caption\">Fotografen p\u00e5 Gustavsbergs Bildatelj\u00e9<\/figcaption><\/figure>\n\n\n\n<figure class=\"wp-block-video\"><video height=\"1080\" style=\"aspect-ratio: 1920 \/ 1080;\" width=\"1920\" controls src=\"https:\/\/bildateljen.se\/wp-content\/uploads\/animoto_1080p.mp4\"><\/video><figcaption class=\"wp-element-caption\">Atelj\u00e9fotografering hos Gustavsbergs Bildatelj\u00e9<\/figcaption><\/figure>\n\n\n\n<figure class=\"wp-block-video\"><video height=\"1920\" style=\"aspect-ratio: 1080 \/ 1920;\" width=\"1080\" controls src=\"https:\/\/bildateljen.se\/wp-content\/uploads\/Salja_gamla_negativ_349757635_1080x1920_F30.mp4\"><\/video><figcaption class=\"wp-element-caption\">K\u00f6p negativ fr\u00e5n din gamla fotografering<\/figcaption><\/figure>\n\n\n\n<p>V\u00e4lkommen till Gustavsbergs Bildatelj\u00e9. Den startades 1994 men atelj\u00e9n \u00f6ppnade f\u00f6rst i februari 1998 i lokaler p\u00e5 Villagatan 5, en gammal nedlagd Konsumbutik. Sedan 2004 finns verksamheten p\u00e5 Mariaplan 1 ocks\u00e5 detta en del av den gamla Konsumbutiken. Nu finns atelj\u00e9n p\u00e5 Klosterv\u00e4gen 29. Tidigare har vi som mest varit 3 st som har jobbat h\u00e4r och levererat bilder till br\u00f6llop\/portr\u00e4tt och en hel del lokala f\u00f6retag samt \u00e5tskilliga barn och studenter. Vi \u00e4r i dag en toppmodern digital portr\u00e4ttstudio med ett brett kunnande f\u00f6r att tillsammans med Dig\/Er n\u00e5 fram till ett gott resultat som ska gl\u00e4dja generationer fram\u00f6ver. Sedan december 2025 forts\u00e4tter jag fotograferandet p\u00e5 Klosterv\u00e4gen 29.<\/p>\n\n\n\n<p>L\u00e5t oss hj\u00e4lpa dig att f\u00e5nga \u00f6gonblicket !<\/p>\n\n\n\n<figure class=\"wp-block-image size-full is-resized\"><img loading=\"lazy\" decoding=\"async\" width=\"283\" height=\"283\" data-attachment-id=\"1640\" data-permalink=\"https:\/\/bildateljen.se\/?attachment_id=1640\" data-orig-file=\"https:\/\/bildateljen.se\/wp-content\/uploads\/SFFAuktoriserad.jpg\" data-orig-size=\"283,283\" data-comments-opened=\"1\" data-image-meta=\"{&quot;aperture&quot;:&quot;0&quot;,&quot;credit&quot;:&quot;&quot;,&quot;camera&quot;:&quot;&quot;,&quot;caption&quot;:&quot;&quot;,&quot;created_timestamp&quot;:&quot;0&quot;,&quot;copyright&quot;:&quot;&quot;,&quot;focal_length&quot;:&quot;0&quot;,&quot;iso&quot;:&quot;0&quot;,&quot;shutter_speed&quot;:&quot;0&quot;,&quot;title&quot;:&quot;&quot;,&quot;orientation&quot;:&quot;0&quot;}\" data-image-title=\"SFFAuktoriserad\" data-image-description=\"\" data-image-caption=\"\" data-large-file=\"https:\/\/bildateljen.se\/wp-content\/uploads\/SFFAuktoriserad.jpg\" src=\"https:\/\/bildateljen.se\/wp-content\/uploads\/SFFAuktoriserad.jpg\" alt=\"Medlem av SFF\" class=\"wp-image-1640\" srcset=\"https:\/\/bildateljen.se\/wp-content\/uploads\/SFFAuktoriserad.jpg 283w, https:\/\/bildateljen.se\/wp-content\/uploads\/SFFAuktoriserad-150x150.jpg 150w, https:\/\/bildateljen.se\/wp-content\/uploads\/SFFAuktoriserad-50x50.jpg 50w\" sizes=\"auto, (max-width: 283px) 100vw, 283px\" \/><figcaption class=\"wp-element-caption\">Medlem av Svenska Fotografers F\u00f6rbund och Svensk Portr\u00e4ttfotografers F\u00f6rbund<\/figcaption><\/figure>\n\n\n\n<figure class=\"wp-block-image size-full is-resized\"><img loading=\"lazy\" decoding=\"async\" width=\"454\" height=\"454\" data-attachment-id=\"1889\" data-permalink=\"https:\/\/bildateljen.se\/?attachment_id=1889\" data-orig-file=\"https:\/\/bildateljen.se\/wp-content\/uploads\/SPFF.png\" data-orig-size=\"454,454\" data-comments-opened=\"0\" data-image-meta=\"{&quot;aperture&quot;:&quot;0&quot;,&quot;credit&quot;:&quot;&quot;,&quot;camera&quot;:&quot;&quot;,&quot;caption&quot;:&quot;&quot;,&quot;created_timestamp&quot;:&quot;0&quot;,&quot;copyright&quot;:&quot;&quot;,&quot;focal_length&quot;:&quot;0&quot;,&quot;iso&quot;:&quot;0&quot;,&quot;shutter_speed&quot;:&quot;0&quot;,&quot;title&quot;:&quot;&quot;,&quot;orientation&quot;:&quot;0&quot;}\" data-image-title=\"SPFF\" data-image-description=\"\" data-image-caption=\"\" data-large-file=\"https:\/\/bildateljen.se\/wp-content\/uploads\/SPFF.png\" src=\"https:\/\/bildateljen.se\/wp-content\/uploads\/SPFF.png\" alt=\"\" class=\"wp-image-1889\" srcset=\"https:\/\/bildateljen.se\/wp-content\/uploads\/SPFF.png 454w, https:\/\/bildateljen.se\/wp-content\/uploads\/SPFF-300x300.png 300w, https:\/\/bildateljen.se\/wp-content\/uploads\/SPFF-150x150.png 150w, https:\/\/bildateljen.se\/wp-content\/uploads\/SPFF-50x50.png 50w\" sizes=\"auto, (max-width: 454px) 100vw, 454px\" \/><\/figure>\n\n\n\n<figure class=\"wp-block-image size-full is-resized\"><a href=\"https:\/\/www.sumupbookings.com\/gustavsbergs-bildatelje\"><img loading=\"lazy\" decoding=\"async\" width=\"146\" height=\"41\" data-attachment-id=\"2186\" data-permalink=\"https:\/\/bildateljen.se\/?attachment_id=2186\" data-orig-file=\"https:\/\/bildateljen.se\/wp-content\/uploads\/Boka.png\" data-orig-size=\"146,41\" data-comments-opened=\"0\" data-image-meta=\"{&quot;aperture&quot;:&quot;0&quot;,&quot;credit&quot;:&quot;&quot;,&quot;camera&quot;:&quot;&quot;,&quot;caption&quot;:&quot;&quot;,&quot;created_timestamp&quot;:&quot;0&quot;,&quot;copyright&quot;:&quot;&quot;,&quot;focal_length&quot;:&quot;0&quot;,&quot;iso&quot;:&quot;0&quot;,&quot;shutter_speed&quot;:&quot;0&quot;,&quot;title&quot;:&quot;&quot;,&quot;orientation&quot;:&quot;0&quot;}\" data-image-title=\"Boka\" data-image-description=\"&lt;p&gt;Boka Gustavsbergs Bildatelj\u00e9&lt;\/p&gt;\n\" data-image-caption=\"&lt;p&gt;G\u00f6r din bokning !&lt;\/p&gt;\n\" data-large-file=\"https:\/\/bildateljen.se\/wp-content\/uploads\/Boka.png\" src=\"https:\/\/bildateljen.se\/wp-content\/uploads\/Boka.png\" alt=\"\" class=\"wp-image-2186\"\/><\/a><figcaption class=\"wp-element-caption\">G\u00f6r din bokning !<\/figcaption><\/figure>\n\n\n\n<p><\/p>\n<!-- AddThis Advanced Settings generic via filter on the_content --><!-- AddThis Share Buttons generic via filter on the_content -->","protected":false},"excerpt":{"rendered":"<p>Jag b\u00f6rjar \u00e5ret med 2 kortare sjukskrivningar. I l\u00e4nken nedan hittar du tider f\u00f6r bokning fram\u00e5t april och maj. Ring om du beh\u00f6ver hj\u00e4lp tidigare. V\u00e4lkommen till Gustavsbergs Bildatelj\u00e9. Den startades 1994 men atelj\u00e9n \u00f6ppnade f\u00f6rst i februari 1998 i lokaler p\u00e5 Villagatan 5, en gammal nedlagd Konsumbutik. Sedan 2004 finns verksamheten p\u00e5 Mariaplan 1 [&hellip;]<!-- AddThis Advanced Settings generic via filter on get_the_excerpt --><!-- AddThis Share Buttons generic via filter on get_the_excerpt --><\/p>\n","protected":false},"author":1,"featured_media":0,"parent":0,"menu_order":0,"comment_status":"closed","ping_status":"closed","template":"","meta":{"advanced_seo_description":"","jetpack_seo_html_title":"","jetpack_seo_noindex":false,"jetpack_post_was_ever_published":true,"footnotes":""},"class_list":["post-1515","page","type-page","status-publish","hentry"],"jetpack_shortlink":"https:\/\/wp.me\/P8u969-or","jetpack-related-posts":[],"jetpack_likes_enabled":true,"jetpack_sharing_enabled":true,"_links":{"self":[{"href":"https:\/\/bildateljen.se\/index.php?rest_route=\/wp\/v2\/pages\/1515","targetHints":{"allow":["GET"]}}],"collection":[{"href":"https:\/\/bildateljen.se\/index.php?rest_route=\/wp\/v2\/pages"}],"about":[{"href":"https:\/\/bildateljen.se\/index.php?rest_route=\/wp\/v2\/types\/page"}],"author":[{"embeddable":true,"href":"https:\/\/bildateljen.se\/index.php?rest_route=\/wp\/v2\/users\/1"}],"replies":[{"embeddable":true,"href":"https:\/\/bildateljen.se\/index.php?rest_route=%2Fwp%2Fv2%2Fcomments&post=1515"}],"version-history":[{"count":24,"href":"https:\/\/bildateljen.se\/index.php?rest_route=\/wp\/v2\/pages\/1515\/revisions"}],"predecessor-version":[{"id":2208,"href":"https:\/\/bildateljen.se\/index.php?rest_route=\/wp\/v2\/pages\/1515\/revisions\/2208"}],"wp:attachment":[{"href":"https:\/\/bildateljen.se\/index.php?rest_route=%2Fwp%2Fv2%2Fmedia&parent=1515"}],"curies":[{"name":"wp","href":"https:\/\/api.w.org\/{rel}","templated":true}]}}